{"id":535,"date":"2021-09-19T18:45:29","date_gmt":"2021-09-19T18:45:29","guid":{"rendered":"http:\/\/faar.edu.br\/sitenovo\/?page_id=535"},"modified":"2021-10-02T16:30:35","modified_gmt":"2021-10-02T16:30:35","slug":"objetivo-missao-e-visao","status":"publish","type":"page","link":"https:\/\/www.faar.edu.br\/sitenovo\/objetivo-missao-e-visao\/","title":{"rendered":"Objetivo Miss\u00e3o e Vis\u00e3o"},"content":{"rendered":"\t\t<div data-elementor-type=\"wp-page\" data-elementor-id=\"535\" class=\"elementor elementor-535\" data-elementor-post-type=\"page\">\n\t\t\t\t\t\t<section class=\"elementor-section elementor-top-section elementor-element elementor-element-5d1cbd9 elementor-section-stretched elementor-section-height-min-height elementor-section-boxed elementor-section-height-default elementor-section-items-middle wpr-particle-no wpr-jarallax-no wpr-parallax-no wpr-sticky-section-no\" data-id=\"5d1cbd9\" data-element_type=\"section\" data-settings=\"{&quot;stretch_section&quot;:&quot;section-stretched&quot;,&quot;background_background&quot;:&quot;gradient&quot;}\">\n\t\t\t\t\t\t\t<div class=\"elementor-background-overlay\"><\/div>\n\t\t\t\t\t\t\t<div class=\"elementor-container elementor-column-gap-default\">\n\t\t\t\t\t<div class=\"elementor-column elementor-col-100 elementor-top-column elementor-element elementor-element-391fd30a\" data-id=\"391fd30a\" data-element_type=\"column\">\n\t\t\t<div class=\"elementor-widget-wrap elementor-element-populated\">\n\t\t\t\t\t\t<div class=\"elementor-element elementor-element-55b618c3 elementor-invisible elementor-widget elementor-widget-heading\" data-id=\"55b618c3\" data-element_type=\"widget\" data-settings=\"{&quot;_animation&quot;:&quot;fadeIn&quot;}\" data-widget_type=\"heading.default\">\n\t\t\t\t<div class=\"elementor-widget-container\">\n\t\t\t\t\t<h1 class=\"elementor-heading-title elementor-size-default\">Objetivo, Miss\u00e3o e vis\u00e3o<\/h1>\t\t\t\t<\/div>\n\t\t\t\t<\/div>\n\t\t\t\t<div class=\"elementor-element elementor-element-5578cfce elementor-widget-divider--view-line elementor-widget elementor-widget-divider\" data-id=\"5578cfce\" data-element_type=\"widget\" data-widget_type=\"divider.default\">\n\t\t\t\t<div class=\"elementor-widget-container\">\n\t\t\t\t\t\t\t<div class=\"elementor-divider\">\n\t\t\t<span class=\"elementor-divider-separator\">\n\t\t\t\t\t\t<\/span>\n\t\t<\/div>\n\t\t\t\t\t\t<\/div>\n\t\t\t\t<\/div>\n\t\t\t\t<div class=\"elementor-element elementor-element-7e902125 elementor-view-default elementor-invisible elementor-widget elementor-widget-icon\" data-id=\"7e902125\" data-element_type=\"widget\" data-settings=\"{&quot;_animation&quot;:&quot;fadeInLeft&quot;}\" data-widget_type=\"icon.default\">\n\t\t\t\t<div class=\"elementor-widget-container\">\n\t\t\t\t\t\t\t<div class=\"elementor-icon-wrapper\">\n\t\t\t<div class=\"elementor-icon\">\n\t\t\t<i aria-hidden=\"true\" class=\"fas fa-angle-down\"><\/i>\t\t\t<\/div>\n\t\t<\/div>\n\t\t\t\t\t\t<\/div>\n\t\t\t\t<\/div>\n\t\t\t\t\t<\/div>\n\t\t<\/div>\n\t\t\t\t\t<\/div>\n\t\t<\/section>\n\t\t\t\t<section class=\"elementor-section elementor-top-section elementor-element elementor-element-680470b1 elementor-section-boxed elementor-section-height-default elementor-section-height-default wpr-particle-no wpr-jarallax-no wpr-parallax-no wpr-sticky-section-no\" data-id=\"680470b1\" data-element_type=\"section\" data-settings=\"{&quot;background_background&quot;:&quot;classic&quot;}\">\n\t\t\t\t\t\t<div class=\"elementor-container elementor-column-gap-no\">\n\t\t\t\t\t<div class=\"elementor-column elementor-col-100 elementor-top-column elementor-element elementor-element-63680c42\" data-id=\"63680c42\" data-element_type=\"column\">\n\t\t\t<div class=\"elementor-widget-wrap elementor-element-populated\">\n\t\t\t\t\t\t<section class=\"elementor-section elementor-inner-section elementor-element elementor-element-44b6af35 elementor-section-boxed elementor-section-height-default elementor-section-height-default wpr-particle-no wpr-jarallax-no wpr-parallax-no wpr-sticky-section-no\" data-id=\"44b6af35\" data-element_type=\"section\">\n\t\t\t\t\t\t<div class=\"elementor-container elementor-column-gap-default\">\n\t\t\t\t\t<div class=\"elementor-column elementor-col-100 elementor-inner-column elementor-element elementor-element-6f95559d\" data-id=\"6f95559d\" data-element_type=\"column\">\n\t\t\t<div class=\"elementor-widget-wrap elementor-element-populated\">\n\t\t\t\t\t\t<div class=\"elementor-element elementor-element-7c1279c9 elementor-invisible elementor-widget elementor-widget-heading\" data-id=\"7c1279c9\" data-element_type=\"widget\" data-settings=\"{&quot;_animation&quot;:&quot;fadeIn&quot;}\" data-widget_type=\"heading.default\">\n\t\t\t\t<div class=\"elementor-widget-container\">\n\t\t\t\t\t<h3 class=\"elementor-heading-title elementor-size-default\">Servir a comunidade<\/h3>\t\t\t\t<\/div>\n\t\t\t\t<\/div>\n\t\t\t\t<div class=\"elementor-element elementor-element-331254bf elementor-widget-divider--view-line elementor-widget elementor-widget-divider\" data-id=\"331254bf\" data-element_type=\"widget\" data-widget_type=\"divider.default\">\n\t\t\t\t<div class=\"elementor-widget-container\">\n\t\t\t\t\t\t\t<div class=\"elementor-divider\">\n\t\t\t<span class=\"elementor-divider-separator\">\n\t\t\t\t\t\t<\/span>\n\t\t<\/div>\n\t\t\t\t\t\t<\/div>\n\t\t\t\t<\/div>\n\t\t\t\t<div class=\"elementor-element elementor-element-1253cf60 elementor-widget elementor-widget-text-editor\" data-id=\"1253cf60\" data-element_type=\"widget\" data-widget_type=\"text-editor.default\">\n\t\t\t\t<div class=\"elementor-widget-container\">\n\t\t\t\t\t\t\t\t\t<p>O Instituto de Ensino Superior de Rond\u00f4nia \u2013 IESUR est\u00e1 institu\u00eddo com o objetivo de ministrar o ensino superior, estimular a pesquisa em todos os campos da ci\u00eancia e, atrav\u00e9s da extens\u00e3o cultural, prestar servi\u00e7os \u00e0 comunidade.<\/p>\t\t\t\t\t\t\t\t<\/div>\n\t\t\t\t<\/div>\n\t\t\t\t\t<\/div>\n\t\t<\/div>\n\t\t\t\t\t<\/div>\n\t\t<\/section>\n\t\t\t\t<section class=\"elementor-section elementor-inner-section elementor-element elementor-element-7d2f1a3f elementor-section-boxed elementor-section-height-default elementor-section-height-default wpr-particle-no wpr-jarallax-no wpr-parallax-no wpr-sticky-section-no\" data-id=\"7d2f1a3f\" data-element_type=\"section\">\n\t\t\t\t\t\t<div class=\"elementor-container elementor-column-gap-default\">\n\t\t\t\t\t<div class=\"elementor-column elementor-col-100 elementor-inner-column elementor-element elementor-element-5bfb0bc6\" data-id=\"5bfb0bc6\" data-element_type=\"column\">\n\t\t\t<div class=\"elementor-widget-wrap elementor-element-populated\">\n\t\t\t\t\t\t<div class=\"elementor-element elementor-element-41765642 elementor-invisible elementor-widget elementor-widget-heading\" data-id=\"41765642\" data-element_type=\"widget\" data-settings=\"{&quot;_animation&quot;:&quot;fadeIn&quot;}\" data-widget_type=\"heading.default\">\n\t\t\t\t<div class=\"elementor-widget-container\">\n\t\t\t\t\t<h3 class=\"elementor-heading-title elementor-size-default\">Dos Objetivos<\/h3>\t\t\t\t<\/div>\n\t\t\t\t<\/div>\n\t\t\t\t<div class=\"elementor-element elementor-element-3e52dcbb elementor-widget-divider--view-line elementor-widget elementor-widget-divider\" data-id=\"3e52dcbb\" data-element_type=\"widget\" data-widget_type=\"divider.default\">\n\t\t\t\t<div class=\"elementor-widget-container\">\n\t\t\t\t\t\t\t<div class=\"elementor-divider\">\n\t\t\t<span class=\"elementor-divider-separator\">\n\t\t\t\t\t\t<\/span>\n\t\t<\/div>\n\t\t\t\t\t\t<\/div>\n\t\t\t\t<\/div>\n\t\t\t\t<div class=\"elementor-element elementor-element-6b00208d elementor-widget elementor-widget-text-editor\" data-id=\"6b00208d\" data-element_type=\"widget\" data-widget_type=\"text-editor.default\">\n\t\t\t\t<div class=\"elementor-widget-container\">\n\t\t\t\t\t\t\t\t\t<p><strong>De acordo com seu Regimento, s\u00e3o estes os seus OBJETIVOS:<\/strong><\/p><p>Art. 2\u00ba.O IESUR, como institui\u00e7\u00e3o de ensino, pesquisa e extens\u00e3o, em todos os n\u00edveis e ramos, voltados para a realidade do pa\u00eds e, em especial, do Estado de Rond\u00f4nia e da regi\u00e3o de sua influ\u00eancia, tem por objetivos:<\/p><p>I \u2013Estimular a cria\u00e7\u00e3o cultural e o desenvolvimento do esp\u00edrito cient\u00edfico e do pensamento reflexivo;<\/p><p>II \u2013Formar diplomados nas diferentes \u00e1reas de conhecimento, aptos para a inser\u00e7\u00e3o em setores profissionais e para a participa\u00e7\u00e3o no desenvolvimento da sociedade brasileira, e colaborar na sua forma\u00e7\u00e3o cont\u00ednua;<\/p><p>III \u2013Incentivar o trabalho de pesquisa e investiga\u00e7\u00e3o cient\u00edfica, visando o desenvolvimento da ci\u00eancia e da tecnologia e da cria\u00e7\u00e3o e difus\u00e3o da cultura, e, desse modo, desenvolver o entendimento do homem e do meio em que vive;<\/p><p>IV \u2013Promover a divulga\u00e7\u00e3o de conhecimentos culturais, cient\u00edficos e t\u00e9cnicos que constituem patrim\u00f4nio da humanidade e comunicar o saber atrav\u00e9s do ensino, de publica\u00e7\u00f5es ou de outras formas de comunica\u00e7\u00e3o;<\/p><p>V \u2013Suscitar o desejo permanente de aperfei\u00e7oamento cultural e profissional e possibilitar a correspondente concretiza\u00e7\u00e3o, integrando os conhecimentos que v\u00e3o sendo adquiridos numa estrutura intelectual sistematizadora do conhecimento de cada gera\u00e7\u00e3o;<\/p><p>VI \u2013Estimular o conhecimento dos problemas do mundo presente, em particular os nacionais e regionais, prestar servi\u00e7os especializados \u00e0 comunidade e estabelecer com esta uma rela\u00e7\u00e3o de reciprocidade;<\/p><p>VII \u2013Promover a extens\u00e3o, aberta \u00e0 participa\u00e7\u00e3o da popula\u00e7\u00e3o, visando \u00e0 difus\u00e3o das conquistas e benef\u00edcios resultantes da cria\u00e7\u00e3o cultural e da pesquisa cient\u00edfica e tecnol\u00f3gica geradas na institui\u00e7\u00e3o.<\/p><p>Par\u00e1grafo \u00fanico. Para a consecu\u00e7\u00e3o de seus objetivos, o IESUR constitui-se numa comunidade acad\u00eamica, integrada por dirigentes, professores, alunos, pessoal t\u00e9cnico-administrativo e de apoio, e de \u00f3rg\u00e3os suplementares, ou organismos da comunidade na qual se insere.<\/p>\t\t\t\t\t\t\t\t<\/div>\n\t\t\t\t<\/div>\n\t\t\t\t\t<\/div>\n\t\t<\/div>\n\t\t\t\t\t<\/div>\n\t\t<\/section>\n\t\t\t\t<section class=\"elementor-section elementor-inner-section elementor-element elementor-element-8076645 elementor-section-boxed elementor-section-height-default elementor-section-height-default wpr-particle-no wpr-jarallax-no wpr-parallax-no wpr-sticky-section-no\" data-id=\"8076645\" data-element_type=\"section\">\n\t\t\t\t\t\t<div class=\"elementor-container elementor-column-gap-default\">\n\t\t\t\t\t<div class=\"elementor-column elementor-col-100 elementor-inner-column elementor-element elementor-element-7f964cd\" data-id=\"7f964cd\" data-element_type=\"column\">\n\t\t\t<div class=\"elementor-widget-wrap elementor-element-populated\">\n\t\t\t\t\t\t<div class=\"elementor-element elementor-element-d7838ef elementor-invisible elementor-widget elementor-widget-heading\" data-id=\"d7838ef\" data-element_type=\"widget\" data-settings=\"{&quot;_animation&quot;:&quot;fadeIn&quot;}\" data-widget_type=\"heading.default\">\n\t\t\t\t<div class=\"elementor-widget-container\">\n\t\t\t\t\t<h3 class=\"elementor-heading-title elementor-size-default\">Miss\u00e3o<\/h3>\t\t\t\t<\/div>\n\t\t\t\t<\/div>\n\t\t\t\t<div class=\"elementor-element elementor-element-410aa22 elementor-widget-divider--view-line elementor-widget elementor-widget-divider\" data-id=\"410aa22\" data-element_type=\"widget\" data-widget_type=\"divider.default\">\n\t\t\t\t<div class=\"elementor-widget-container\">\n\t\t\t\t\t\t\t<div class=\"elementor-divider\">\n\t\t\t<span class=\"elementor-divider-separator\">\n\t\t\t\t\t\t<\/span>\n\t\t<\/div>\n\t\t\t\t\t\t<\/div>\n\t\t\t\t<\/div>\n\t\t\t\t<div class=\"elementor-element elementor-element-6e60903 elementor-widget elementor-widget-text-editor\" data-id=\"6e60903\" data-element_type=\"widget\" data-widget_type=\"text-editor.default\">\n\t\t\t\t<div class=\"elementor-widget-container\">\n\t\t\t\t\t\t\t\t\t<p>Servir \u00e0 comunidade, provendo-a de conhecimentos e gerando recursos substanciais para o desenvolvimento cient\u00edfico, econ\u00f4mico, profissional, social e cultural de Ariquemes e regi\u00e3o, contribuir para o bem-estar da sociedade e a participa\u00e7\u00e3o na melhoria da qualidade de vida e a defesa da express\u00e3o e o cumprimento da verdade.<\/p>\t\t\t\t\t\t\t\t<\/div>\n\t\t\t\t<\/div>\n\t\t\t\t\t<\/div>\n\t\t<\/div>\n\t\t\t\t\t<\/div>\n\t\t<\/section>\n\t\t\t\t<section class=\"elementor-section elementor-inner-section elementor-element elementor-element-31e1088 elementor-section-boxed elementor-section-height-default elementor-section-height-default wpr-particle-no wpr-jarallax-no wpr-parallax-no wpr-sticky-section-no\" data-id=\"31e1088\" data-element_type=\"section\">\n\t\t\t\t\t\t<div class=\"elementor-container elementor-column-gap-default\">\n\t\t\t\t\t<div class=\"elementor-column elementor-col-100 elementor-inner-column elementor-element elementor-element-6fa99d9\" data-id=\"6fa99d9\" data-element_type=\"column\">\n\t\t\t<div class=\"elementor-widget-wrap elementor-element-populated\">\n\t\t\t\t\t\t<div class=\"elementor-element elementor-element-941dcfe elementor-invisible elementor-widget elementor-widget-heading\" data-id=\"941dcfe\" data-element_type=\"widget\" data-settings=\"{&quot;_animation&quot;:&quot;fadeIn&quot;}\" data-widget_type=\"heading.default\">\n\t\t\t\t<div class=\"elementor-widget-container\">\n\t\t\t\t\t<h3 class=\"elementor-heading-title elementor-size-default\">Vis\u00e3o<\/h3>\t\t\t\t<\/div>\n\t\t\t\t<\/div>\n\t\t\t\t<div class=\"elementor-element elementor-element-73be380 elementor-widget-divider--view-line elementor-widget elementor-widget-divider\" data-id=\"73be380\" data-element_type=\"widget\" data-widget_type=\"divider.default\">\n\t\t\t\t<div class=\"elementor-widget-container\">\n\t\t\t\t\t\t\t<div class=\"elementor-divider\">\n\t\t\t<span class=\"elementor-divider-separator\">\n\t\t\t\t\t\t<\/span>\n\t\t<\/div>\n\t\t\t\t\t\t<\/div>\n\t\t\t\t<\/div>\n\t\t\t\t<div class=\"elementor-element elementor-element-571bb2a elementor-widget elementor-widget-text-editor\" data-id=\"571bb2a\" data-element_type=\"widget\" data-widget_type=\"text-editor.default\">\n\t\t\t\t<div class=\"elementor-widget-container\">\n\t\t\t\t\t\t\t\t\t<p>Prezar pela excel\u00eancia no desenvolvimento cient\u00edfico, econ\u00f4mico, profissional, social e cultural de Ariquemes e regi\u00e3o, e contribuir para o bem-estar da sociedade de modo a participar no esfor\u00e7o pela melhoria da qualidade de vida.<\/p>\t\t\t\t\t\t\t\t<\/div>\n\t\t\t\t<\/div>\n\t\t\t\t\t<\/div>\n\t\t<\/div>\n\t\t\t\t\t<\/div>\n\t\t<\/section>\n\t\t\t\t\t<\/div>\n\t\t<\/div>\n\t\t\t\t\t<\/div>\n\t\t<\/section>\n\t\t\t\t<\/div>\n\t\t","protected":false},"excerpt":{"rendered":"<p>Objetivo, Miss\u00e3o e vis\u00e3o Servir a comunidade O Instituto de Ensino Superior de Rond\u00f4nia \u2013 IESUR est\u00e1 institu\u00eddo com o objetivo de ministrar o ensino superior, estimular a pesquisa em todos os campos da ci\u00eancia e, atrav\u00e9s da extens\u00e3o cultural, prestar servi\u00e7os \u00e0 comunidade. Dos Objetivos De acordo com seu Regimento, s\u00e3o estes os seus OBJETIVOS: Art. 2\u00ba.O IESUR, como institui\u00e7\u00e3o de ensino, pesquisa e extens\u00e3o, em todos os n\u00edveis e ramos, voltados para a realidade do pa\u00eds e, em especial, do Estado de Rond\u00f4nia e da regi\u00e3o de sua influ\u00eancia, tem por objetivos: I \u2013Estimular a cria\u00e7\u00e3o cultural e o desenvolvimento do esp\u00edrito cient\u00edfico e do pensamento reflexivo; II \u2013Formar diplomados nas diferentes \u00e1reas de conhecimento, aptos para a inser\u00e7\u00e3o em setores profissionais e para a participa\u00e7\u00e3o no desenvolvimento da sociedade brasileira, e colaborar na sua forma\u00e7\u00e3o cont\u00ednua; III \u2013Incentivar o trabalho de pesquisa e investiga\u00e7\u00e3o cient\u00edfica, visando o desenvolvimento da ci\u00eancia e da tecnologia e da cria\u00e7\u00e3o e difus\u00e3o da cultura, e, desse modo, desenvolver o entendimento do homem e do meio em que vive; IV \u2013Promover a divulga\u00e7\u00e3o de conhecimentos culturais, cient\u00edficos e t\u00e9cnicos que constituem patrim\u00f4nio da humanidade e comunicar o saber atrav\u00e9s do ensino, de publica\u00e7\u00f5es ou de outras formas de comunica\u00e7\u00e3o; V \u2013Suscitar o desejo permanente de aperfei\u00e7oamento cultural e profissional e possibilitar a correspondente concretiza\u00e7\u00e3o, integrando os conhecimentos que v\u00e3o sendo adquiridos numa estrutura intelectual sistematizadora do conhecimento de cada gera\u00e7\u00e3o; VI \u2013Estimular o conhecimento dos problemas do mundo presente, em particular os nacionais e regionais, prestar servi\u00e7os especializados \u00e0 comunidade e estabelecer com esta uma rela\u00e7\u00e3o de reciprocidade; VII \u2013Promover a extens\u00e3o, aberta \u00e0 participa\u00e7\u00e3o da popula\u00e7\u00e3o, visando \u00e0 difus\u00e3o das conquistas e benef\u00edcios resultantes da cria\u00e7\u00e3o cultural e da pesquisa cient\u00edfica e tecnol\u00f3gica geradas na institui\u00e7\u00e3o. Par\u00e1grafo \u00fanico. Para a consecu\u00e7\u00e3o de seus objetivos, o IESUR constitui-se numa comunidade acad\u00eamica, integrada por dirigentes, professores, alunos, pessoal t\u00e9cnico-administrativo e de apoio, e de \u00f3rg\u00e3os suplementares, ou organismos da comunidade na qual se insere. Miss\u00e3o Servir \u00e0 comunidade, provendo-a de conhecimentos e gerando recursos substanciais para o desenvolvimento cient\u00edfico, econ\u00f4mico, profissional, social e cultural de Ariquemes e regi\u00e3o, contribuir para o bem-estar da sociedade e a participa\u00e7\u00e3o na melhoria da qualidade de vida e a defesa da express\u00e3o e o cumprimento da verdade. Vis\u00e3o Prezar pela excel\u00eancia no desenvolvimento cient\u00edfico, econ\u00f4mico, profissional, social e cultural de Ariquemes e regi\u00e3o, e contribuir para o bem-estar da sociedade de modo a participar no esfor\u00e7o pela melhoria da qualidade de vida.<\/p>\n","protected":false},"author":1,"featured_media":0,"parent":0,"menu_order":0,"comment_status":"closed","ping_status":"closed","template":"elementor_header_footer","meta":{"_acf_changed":false,"_uag_custom_page_level_css":"","footnotes":""},"class_list":["post-535","page","type-page","status-publish","hentry"],"acf":[],"uagb_featured_image_src":{"full":false,"thumbnail":false,"medium":false,"medium_large":false,"large":false,"1536x1536":false,"2048x2048":false},"uagb_author_info":{"display_name":"admin","author_link":"https:\/\/www.faar.edu.br\/sitenovo\/author\/admin\/"},"uagb_comment_info":0,"uagb_excerpt":"Objetivo, Miss\u00e3o e vis\u00e3o Servir a comunidade O Instituto de Ensino Superior de Rond\u00f4nia \u2013 IESUR est\u00e1 institu\u00eddo com o objetivo de ministrar o ensino superior, estimular a pesquisa em todos os campos da ci\u00eancia e, atrav\u00e9s da extens\u00e3o cultural, prestar servi\u00e7os \u00e0 comunidade. Dos Objetivos De acordo com seu Regimento, s\u00e3o estes os seus&hellip;","_links":{"self":[{"href":"https:\/\/www.faar.edu.br\/sitenovo\/wp-json\/wp\/v2\/pages\/535","targetHints":{"allow":["GET"]}}],"collection":[{"href":"https:\/\/www.faar.edu.br\/sitenovo\/wp-json\/wp\/v2\/pages"}],"about":[{"href":"https:\/\/www.faar.edu.br\/sitenovo\/wp-json\/wp\/v2\/types\/page"}],"author":[{"embeddable":true,"href":"https:\/\/www.faar.edu.br\/sitenovo\/wp-json\/wp\/v2\/users\/1"}],"replies":[{"embeddable":true,"href":"https:\/\/www.faar.edu.br\/sitenovo\/wp-json\/wp\/v2\/comments?post=535"}],"version-history":[{"count":25,"href":"https:\/\/www.faar.edu.br\/sitenovo\/wp-json\/wp\/v2\/pages\/535\/revisions"}],"predecessor-version":[{"id":2077,"href":"https:\/\/www.faar.edu.br\/sitenovo\/wp-json\/wp\/v2\/pages\/535\/revisions\/2077"}],"wp:attachment":[{"href":"https:\/\/www.faar.edu.br\/sitenovo\/wp-json\/wp\/v2\/media?parent=535"}],"curies":[{"name":"wp","href":"https:\/\/api.w.org\/{rel}","templated":true}]}}